{"id":2,"date":"2018-07-08T17:45:00","date_gmt":"2018-07-08T17:45:00","guid":{"rendered":"http:\/\/psicologiaviva.com\/auramarques.com\/?page_id=2"},"modified":"2020-03-21T22:07:27","modified_gmt":"2020-03-21T22:07:27","slug":"sobre-mi","status":"publish","type":"page","link":"http:\/\/psicologiaviva.com\/auramarques.com\/sobre-mi\/","title":{"rendered":"Sobre m\u00ed"},"content":{"rendered":"<p>Aura Marqu\u00e9s<\/p>\n<p><i class=\"wp-svg-pencil pencil\"><\/i>Psic\u00f3loga General Sanitaria Colegiada B 02337<br \/>\n<i class=\"wp-svg-pencil pencil\"><\/i>Ejerciendo en el Centro Sanitario \u201cPsicolog\u00eda Viva\u201d.<br \/>\n<i class=\"wp-svg-pencil pencil\"><\/i>Terapeuta emocional.<br \/>\n<i class=\"wp-svg-pencil pencil\"><\/i>Formada en Terapia Gestalt , T. Cognitivo-Conductual, Terapia Familiar Sist\u00e9mica y Terapia de pareja.<br \/>\n<i class=\"wp-svg-pencil pencil\"><\/i>Formada en EMDR Nivel I, (Desensibilizaci\u00f3n y reprocesamiento por movimientos oculares)<br \/>\n<i class=\"wp-svg-pencil pencil\"><\/i>Experta en Psicolog\u00eda de emergencias\u00a0 catastrofes.<br \/>\n<i class=\"wp-svg-pencil pencil\"><\/i>Integrante del grupo de intervenci\u00f3n psicol\u00f3gica en emergencias y cat\u00e1strofes de las Islas Baleares del 112. GIPECIB 112<br \/>\n<i class=\"wp-svg-pencil pencil\"><\/i>Habilitada para atenci\u00f3n psicol\u00f3gica a domicilio y Terapia ONLINE<\/p>\n<p>Desde muy joven he tendido curiosidad por la forma de ser de las personas, su riqueza interior y c\u00f3mo solucionan sus problemas, c\u00f3mo se relacionan, como aman, odian\u2026 y las distintas maneras que tenemos cada uno de enfrentarnos a la vida, entender c\u00f3mo hacemos para sobre-vivir. Observo c\u00f3mo la vida nos va abriendo y cerrando caminos.<\/p>\n<p>En mi trabajo escucho el sufrimiento de las personas y les ayudo a entender qu\u00e9 les est\u00e1 ocurriendo, les ayudar a disolver las dificultades. Aprender habilidades para desenvolvernos mejor en la sociedad, llevarse mejor con la familia, pareja, amigos. Olvidar obsesiones, dejar parejas t\u00f3xicas, recuperarse de roturas de coraz\u00f3n.<\/p>\n<p>\u00bfQuien no se ha sentido perdido alguna vez, y a dudado?<\/p>\n<p>En terapia realizo un acompa\u00f1amiento en el camino de encuentro con uno\/a mismo\/a y con lo que somos. Donde no hay juicios no cr\u00edticas. Valoro las cualidades personales, que a veces no vemos. El amor hacia la vida es para mi lo m\u00e1s importante.<br \/>\nUtilizo un espacio acogedor, donde encontrarse a gusto, poder descansar y sentirse escuchado\/a.<\/p>\n<p>\u00bfPor qu\u00e9 me pasa a mi esto? te preguntas una y otra vez sin tener respuestas.<\/p>\n<p>Las respuestas pueden ser encontradas. Por mi formaci\u00f3n humanista cada persona y sus problemas son \u00fanicos y dif\u00edcilmente etiquetables, merecedora de un tratamiento personal adaptado a su forma de ser.<\/p>\n<p>Mi objetivo es mejorar, en lo posible, el problema que traes. Promover la salud mental, f\u00edsica y espiritual.<\/p>\n<p>&nbsp;<\/p>\n<h3>Aqu\u00ed os dejo mi formaci\u00f3n<\/h3>\n<p>-Licenciada en Psicolog\u00eda por la Universidad Nacional de Educaci\u00f3n a Distancia, UNED .<br \/>\n-Formada en Terapia Gestalt , en la Escuela de Psicoterapia de Valencia.<br \/>\n-Formada en Intervenci\u00f3n Familiar Sist\u00e9mica, en el centro KIME con Luis Santiago Almaz\u00e1n, Formaci\u00f3n B\u00e1sica Curso 1\u00ba y 2\u00ba.<br \/>\n-Formada en EMDR por la Asociaci\u00f3n EMDR de Espa\u00f1a ( realizado la formaci\u00f3n con Anabel Gonz\u00e1lez V\u00e1squez). Nivel I.<br \/>\n-Acreditada para ejercer de Psic\u00f3loga General Sanitario.<br \/>\n-Colegiada en el colegio de Psic\u00f3logos de las Islas Baleares B- 02337<br \/>\n-Con conocimientos de Terapia Breve Estrat\u00e9gica<br \/>\n-Formada en Psicolog\u00eda Cognitivo Conductual<br \/>\n-Realiz\u00f3 Terapia individual con Catalina Reus (psicoterapia durante 5 a\u00f1os).<br \/>\n-Supervisi\u00f3n con Javier Bar\u00e9s Marticorena (2015-2016)<br \/>\n-Con conocimientos en Arteterapia, y trabajo con sue\u00f1os.<br \/>\n-Maestra artesana en Joyer\u00eda, ( Escuela de joyer\u00eda Platko).<\/p>\n<p><strong>Talleres y cursos realizados<\/strong><\/p>\n<p><span style=\"text-decoration: underline;\">Cursos sobre asistencia psicol\u00f3gica en cat\u00e1strofes y emergencias. Acompa\u00f1amiento y gesti\u00f3n de Duelos.<\/span><\/p>\n<p>-Resiliencia, psicopatolog\u00eda e intervenci\u00f3n en personas que ha sufrido un desastre ( Dra Mar\u00eda Paz Garc\u00eda Vera) (Copib).<br \/>\n-Intervenci\u00f3n Psicosocial en cat\u00e1strofes ( Profesoras Elena Puertas y Isabel Vera). (Copib).<br \/>\n-Primeros auxilios psicol\u00f3gicos. (Docente Luis Conrado Zaforteza).(Copib).<br \/>\n-Primeros auxilios Psicol\u00f3gicos, Universidad Aut\u00f3noma de Barcelona, profesores: Alicia \u00c1lvarez, Ingeborg Porcar, Emilia Cruz, Jordi Framis,<br \/>\n-Maneig en situaci\u00f3 d\u00b4emerg\u00e9ncias i crisi. Docente: Luis Conrado Zaforteza. (Copib).<br \/>\n-Psicolog\u00eda y emergencia: El papel del profesional de la psicolog\u00eda en las situaciones de emergencia. por Mar\u00eda Jes\u00fas Hern\u00e1ndez Conde y Mar\u00eda Jos\u00e9 Ochoa Cepero.(Focad).<br \/>\n-Reanimaci\u00f3 Cardivascular i desfribilaci\u00f3 semiautom\u00e1taica(Patricia Grac\u00eda Pazo) (Copib).<br \/>\n-Gesti\u00f3 i intervenci\u00f3 psicol\u00f2gica despr\u00e9s d\u2019un accident ferroviari (Ana Isabel Mart\u00ednez Arranz )(Copib)<br \/>\n-Intervenci\u00f3n psicol\u00f3gica inmediata con personal interviniente en situaciones cr\u00edticas, (Enrique Parada Torrres)(Copib).<br \/>\n-T\u00e9cnicas de Negociaci\u00f3n en Situaciones Cr\u00edticas ( \u00c1ngel Ruiz Ram\u00edrez ) (COPIB).<br \/>\n-Atenci\u00f3 psicol\u00f2gica davant la p\u00e8rdua prenatal i perinatal ( Gabriella Bianco ).<br \/>\n-Gesti\u00f3n de recursos psicol\u00f3gicos en intervenci\u00f3n con m\u00faltiples v\u00edctimas ( Andr\u00e9s Cuartero Barbaroj) (COPIB)<br \/>\n-Acompa\u00f1amiento emocional en procesos de enfermedad, muerte y duelo, (Bel Ferrer) COPIB . Marzo 2017<br \/>\n-Acompa\u00f1amiento terap\u00e9tico con personas con patolog\u00edas graves. Leonel Dozza de Mendon\u00e7a (FOCAD) Mayo 2017<br \/>\n-Sectas coercitivas: delimitaci\u00f3n, evaluaci\u00f3n e intervenci\u00f3n. \u00c1lvaro Rodr\u00edguez Carballeira, Omar Salda\u00f1a, Carmen Almendros. (FOCAD) Mayo 2017.<br \/>\n-Intervenci\u00f3n psicol\u00f3gica en el final de la vida. Counselling. Pilar Barreto Mart\u00edn, Ana Soto-Rubio y Jos\u00e9 Luis D\u00edaz. (FOCAD) Febrero 2018.<br \/>\n-Intervenci\u00f3n Psicol\u00f3gica avanzada en situaciones de emergencias . -An\u00e1lisis de un caso de acoso de violencia de genero y atenci\u00f3n a familiares. Adelina Sastre Moya COPIB; 2017<br \/>\n-Primeros auxilios psicol\u00f3gicos con colectivos vulnerables: infancia, personas mayores y discapacidad. Lourdes Mar\u00eda Fern\u00e1ndez M\u00e1rquez. Abaril 2018<br \/>\n-T\u00e8cniques de desmobilitzaci\u00f3 emocional per a intervinents . Pilar Bardera. jefa del Servicio de Psicolog\u00eda de la UME, Mayo 2018<\/p>\n<p><span style=\"text-decoration: underline;\">Cursos sobre el suicidio o conductas autol\u00edticas.<\/span><\/p>\n<p>-El suicidio en la poblaci\u00f3n adulta. Esperanza Torrico Llinares y Mar\u00eda Dolores Rus Guerrero (Focad, Junio 2018)<br \/>\n-Intervenci\u00f3n psicol\u00f3gica en una conducta suicida. Teresa Pacheco Tabuenca. COPIB 2017<br \/>\n-El afrontamiento del Duelo en la etapa infantil. Ana Le\u00f3n Mej\u00eda, Mar\u00eda del Mar Gallego Matellan. Octubre 2017 (FOCAD).<\/p>\n<p>&nbsp;<\/p>\n<p><span style=\"text-decoration: underline;\">Cursos sobre Mindfulness<\/span><\/p>\n<p>-Mindfullness para regular emociones, universidad de M\u00e1laga, profesores \u00d3liver Jim\u00e9nez Jim\u00e9nez, Liliana Jazm\u00edn Sacido, Natalia Sylvia Ramos D\u00edaz.<br \/>\n-Aplicaci\u00f3n de Mindfulness en los trastornos de ansiedad y depresi\u00f3n. profesoras Carme Aguil\u00f3 Casabona y Adriana Esteban D\u00edaz.<\/p>\n<p>&nbsp;<\/p>\n<p><span style=\"text-decoration: underline;\">Curso sobre infancia y adolescencia.<\/span><\/p>\n<p>En el Consejo General de Psicolog\u00eda de Espa\u00f1a (FOCAD) y en Copib (Colegio de Psic\u00f3logos):<\/p>\n<p>-Actualizaci\u00f3n del Trastorno por D\u00e9ficit de Atenci\u00f3n e Hiperactividad (TDAH) en ni\u00f1os.<br \/>\n-Trastornos de Comportamiento y Acoso Escolar en la Infancia y la Adolescencia.<br \/>\n-Abuso sexual infaltil: detecci\u00f3n y notificaci\u00f3n de casos. ( Eva Gonz\u00e1lez Ortega ).<br \/>\n-Violencia escolar en la adolescencia, una mirada hacia las victimas.<br \/>\nAmbiente e infancia. (Silvia Collado Salas, Jos\u00e9 Antonio Corraliza Rose\u00edguez) 2014<br \/>\n-La Educaci\u00f3n en valores \u00e9ticos y morales.<br \/>\n-Atenci\u00f3n primaria , teor\u00eda y pr\u00e1ctica<br \/>\n-Taller de Tratamiento de Miedos y Fobias en la Infancia y la Adolescencia. Terapia Breve Estrat\u00e9gica. (Profesor David Riera)<br \/>\n-Comprensi\u00f3n e Interpretaci\u00f3n de Dibujos e historias en ni\u00f1os, adolescentes y adultos (Profesor Javier Serapio). (Copib).<br \/>\n-Adolescentes e internet: claver para entender y prevenir. Dr. Antonio Rial Boubeta y Dra Patricia G\u00f3mez Salgado. (FOCAD)<br \/>\n-Violencia filio-parental o maltrato de hijos a padres. Estefan\u00eda Est\u00e9vez (FOCAD).<br \/>\n-El afrontamiento del Duelo en la etapa infantil. Ana Le\u00f3n Mej\u00eda, Mar\u00eda del Mar Gallego Matellan. Octubre 2017 (FOCAD).<br \/>\n-Menores expuestos a violencia de g\u00e9nero. Ana Rosser Limi\u00f1ana Febrero 2018 (FOCAD)<\/p>\n<p>&nbsp;<\/p>\n<p><span style=\"text-decoration: underline;\">Cursos sobre violencia de g\u00e9nero, atenci\u00f3n a cuidadores. Trastornos de la conducta alimentaria. Sectas Coercitivas, Grupos abusivos, Acompa\u00f1amiento terap\u00e9utico. Terapia asistida por animales. Mediaci\u00f3n<\/span>.<\/p>\n<p>Consejo General de Psicolog\u00eda de Espa\u00f1a (FOCAD).<\/p>\n<p>-Violencia hacia las mujeres con discapacidad o diversidad funcional.(FOCAD)<br \/>\n-Malos tratos a personas mayores, detectar, prevenir y actuar desde la psicolog\u00eda. (Alejandra Chuli\u00e1n Horrillo). (FOCAD) 2015<br \/>\n-Intervenci\u00f3n Psicol\u00f3gica en Personas con Dependencia de Alcohol. ( Jos\u00e9 MIguel Mart\u00ednez Gonz\u00e1lez). (FOCAD)<br \/>\n-Dependencia emocional en la mujer v\u00edctima de violencia de g\u00e9nero y permanencia en la relaci\u00f3n de pareja ( Ver\u00f3nica Rodr\u00edguez Negro). (FOCAD)<br \/>\n-Evaluaci\u00f3n forense de la violencia de g\u00e9nero, Valoraci\u00f3n del da\u00f1o ps\u00edquico en la v\u00edctima. (FOCAD)<br \/>\n-Tratamiento psicol\u00f3gico de Cuidadores de Mayores Dependientes. (FOCAD)<br \/>\n-Tratamiento asertivo Comunitario en Salud Mental. (Jos\u00e9 L\u00f3pez Santiago). (FOCAD)<br \/>\n-Entrenamiento psicol\u00f3gico en el deporte. (FOCAD)<br \/>\n-Violencia de g\u00e9nero e intervenci\u00f3n psicol\u00f3gica con mujeres maltratadas por sus parejas. por Vanesa Padilla Correa, Isabel Vega Rodriguez. (FOCAD)<br \/>\n-Atenci\u00f3n temprana, teor\u00eda pr\u00e1ctica. por Mercedes Valle Trapero, Pilar Gutiez Cuevas, Purificaci\u00f3n Sierra, Catalina Anta Rodr\u00edguez, Isabel Cu\u00e9llar Flores, y M\u00f3nica Jim\u00e9nez Astudillo. (FOCAD)<br \/>\n-Intervenci\u00f3n con mujeres v\u00edctima de violencia machista desde una perspectiva de g\u00e9nero y a trav\u00e9s del empoderamiento. Pepa Boj\u00f3 Ballester. (FOCAD)<br \/>\n-Tratamiento grupal de los hombres condenados por delitos de violencia de g\u00e9nero (Santiago Boira Sarto, y Pablo Carbajosa Vivente. (FOCAD) Marzo 2017.<br \/>\n-Sectas coercitivas: Delimitaci\u00f3n, evaluaci\u00f3n e intervenci\u00f3n (\u00c1lavaro Rodr\u00edguez-Carballeira<br \/>\nOmar Salda\u00f1a y Carmen Alamendros) (FOCAD) Mayo 2017.<br \/>\n-Acompa\u00f1amiento terap\u00e9utico con personas con patolog\u00edas mentales graves. Leonel Dozza de Mendo\u00e7a (FOCAD) Mayo 2017<br \/>\n-Terapia asistida por animales. Maricarmen Castro (FOCAD) Febrero 2018.<br \/>\n-Mediaci\u00f3n familiar en conflictos derivados de la atenci\u00f3n a situaciones de dependencia. Francisco G\u00f3ngora G\u00f3mez. (FOCAD) Febrero 2018.<br \/>\n-Trastorno de la conducta alimentaria, Rosa Calvo Sagardoy, sin certificado, (FOCAD) Marzo 2018<br \/>\n-Intervenci\u00f3n sobre conductas agresivas de una persona con discapacidad intelectual<\/p>\n<p>&nbsp;<\/p>\n<p><span style=\"text-decoration: underline;\">Cursos sobre colectivo LGBT y psicolog\u00eda gay<\/span><\/p>\n<p>&nbsp;<\/p>\n<p>-Atenci\u00f3n a la salud de personas transexuales, transg\u00e9nero y con disconformidad de g\u00e9nero. ( Trinidad Berguero Miguel )(FOCAD) 2014<br \/>\n-Intervenci\u00f3n Psicol\u00f3gica en poblaci\u00f3n Homosexual Masculina. (Impartido por Gabriel J. Mart\u00edn).(Copib) 2014<\/p>\n<p>&nbsp;<\/p>\n<p><span style=\"text-decoration: underline;\">Cursos sobre psicoterapia, terapia breve estrat\u00e9gica, ciberterapia, adicciones, creatividad, coaching, terapia de pareja y trastornos psicol\u00f3gicos:<\/span><\/p>\n<p>&nbsp;<\/p>\n<p>-Intervenci\u00f3n Psicol\u00f3gica en la Esquizofrenia.<br \/>\n-Habilidades sociales y competencia social. (Miguel Garc\u00eda S\u00e1iz).<br \/>\n-Adolescentes e internet: claves para entender y prevenir. Dr. Antonio Rial Boubeta y Dra Patricia G\u00f3mez Salgado. (FOCAD)<br \/>\n-Psicolog\u00eda y Coaching en Espa\u00f1a.<br \/>\n-La salud cardiovascular en la mujer. 2014<br \/>\n-La innovaci\u00f3n en las organizaciones. (Jos\u00e9 Ramos L\u00f3pez, Ana Zorzoza Abad y Pilar Mart\u00ed Hern\u00e1ndez).<br \/>\n-El tratamiento virtual de la agorafobia, aplicaciones cl\u00ednicas de las t\u00e9cnicas de exposici\u00f3n y realidad virtual (Wenceslao Pe\u00f1ate y Carmen T.Pitti Gonz\u00e1lez) .<br \/>\n-El profesional de la psicolog\u00eda del tr\u00e1fico y de la seguridad en el \u00e1mbito de actuaci\u00f3n de un centro de reconocimiento. ( Jesus S. Cabezos, M\u00aa Carment Robles, M\u00aa Rosario Sans y Paloma Botella ).<br \/>\n-Taller d\u00b4actualizaci\u00f3 en Coaching ( Ana Vallejo San Mart\u00edn y David Gilling Casados) Copib<br \/>\n-Taller d\u00b4actualizazi\u00f3 en arteter\u00e1pia (Pilar Ascaso Palac\u00edn) Copib<br \/>\n-Ser Creativos. Universidad de Mexico.( Guadalupe Vadillo ) (2016)<br \/>\n-Ciberterapias:tratamientos mediados por ordenador y otras tecnolog\u00edas. FOCAD (SOTO-P\u00c9REZ, FRANCO-MART\u00cdN, MONARDES SEEMANN<br \/>\n-Deberes legales b\u00e1sicos en \u00e9tica profesional y deontolog\u00eda, de obligado cumplimiento en psicolog\u00eda. ( Vivent Bermejo Fr\u00edgola ) (FOCAD)<br \/>\n-Las redes sociales en la intervenci\u00f3n comunitaria (Isidro Maya Jariego y Daniel Holgado Ramos) (FOCAD) Febrero 2017<br \/>\n-Terapia basada en la Mentalizaci\u00f3n (MBT) . (Javier Ramos Garc\u00eda) ( FOCAD) Mayo 2017<br \/>\n-Tratamiento psicol\u00f3gico a la adicci\u00f3n al tabaco. Elisardo Beco\u00f1a. (FOCAD) Junio 2017<br \/>\n-La mediaci\u00f3n en Psicolog\u00eda (Mar\u00eda del Rocio G\u00f3mez Hermoso, Irene Mar\u00eda Dominguez G\u00f3mez) (FOCAD) Enero 2014<br \/>\n-Tratamiento psicol\u00f3gico de la adicci\u00f3n al tabaco (Elisardo Beco\u00f1a) FOCAD, Mayo 2017<br \/>\n-La t\u00e1ctica del cambio, introducci\u00f3n a la terapia breve Estrat\u00e9gica. (Bel\u00e9n Ortega Bell\u00e9, Concha P\u00e9rez Salm\u00f3n) FOCAD Agosto 2017.<br \/>\n-Terapia de parejas dependientes y conflictivas. (Arun Mansukhani). Octubre 2017.<br \/>\n-Dependencia emocional y relaciones t\u00f3xicas. (Margalida Serra Tugores ) COPIB Marzo 2017<\/p>\n<p>&nbsp;<\/p>\n<p><span style=\"text-decoration: underline;\">Otros talleres<\/span> (Constelaciones, Arteterapia, Analisis de sue\u00f1os, DanceAbility..)<\/p>\n<p>\u2013 Seminarios de Constelaciones familiares con Joan Garriga y Bert Hellinguer.<br \/>\n\u2013 Analisis de Sue\u00f1os, ( Profesor Javier Serapio ). Centro Animam.<br \/>\n\u2013 Talleres de Arte terapia con Tina Reus.<br \/>\n\u2013 Talleres de psicoan\u00e1lisis y escritura con Rafael Servera. ( del 1995 al 2000)<br \/>\n\u2013 Taller de DanceAbility con Alito Alessi y Pauline Thevenot.<\/p>\n<p>&nbsp;<\/p>\n<p><span style=\"text-decoration: underline;\">Jornadas, Encuentros y simulacros en los que he participado:<\/span><\/p>\n<p>&nbsp;<\/p>\n<p>-IV Encontre de Psicolog\u00eda a les Illes Balears ( 24, 25 y 26 de noviembre del 2014) organizado por el COPIB.<br \/>\n-IV Jornadas de salud mental y mujer. Hospital Son Ll\u00e0tzer. ( del 25 de Febrero al 25 de Marzo 2015 )<br \/>\n-V Jornadas d\u00b4Actef : intervenci\u00f3n educativa de ni\u00f1os, ni\u00f1as y j\u00f3venes de altas capacidades intelectuales, 16 y 17 Octubre 2015<br \/>\n-Congreso Internacional on-line. La prostituci\u00f3n desde una perspectiva de los derechos humanos: Nuevos desaf\u00edos para el sigloXXI ( 19 al 25 Octubre 2015).<br \/>\n-Simulacro por accidente aereo en el aeropuerto de Son San Juan de Palma de Mallorca. Intervenci\u00f3n en el CAF Centro de atenci\u00f3n a familiares. (22 de Diciembre 2018)<br \/>\n-Jornadas del d\u00eda Europeo del Tel\u00e9fono de Emergencias 112, en Palma de Mallorca (19 Febrero 2018).<br \/>\n-IV JORNADAS NACIONALES DE INTERVENCI\u00d3N PSICOL\u00d3GICA EN EMERGENCIAS, CRISIS Y CAT\u00c1STROFES. \u201cNuevos retos y realidades de las emergencias\u201d<br \/>\nPALMA DE MALLORCA, 25 Y 26 DE MAYO DE 2018<\/p>\n<p>&nbsp;<\/p>\n<p><span style=\"text-decoration: underline;\">Sesiones Cl\u00ednicas y casos pr\u00e1cticos en psicolog\u00eda organizado por COPIB<\/span><\/p>\n<p>&nbsp;<\/p>\n<p>-Intervenci\u00f3n sobre conductas agresivas de una persona con discapacidad intelectual, 29 de Marzo del 2017 por Sebasti\u00e1 Forteza bauz\u00e1<br \/>\n-An\u00e1lisis de un peritaje psicol\u00f3gico real en un proceso de familia, 19 abril 2017 , por B\u00e1rbara Ribas Segura.<br \/>\n-An\u00e1lisis de un caso pr\u00e1ctico real de violencia de g\u00e9nero concretamente de violencia contras la pareja, ( Joana Martorell) 10 Mayo 2017<br \/>\n-Intervenci\u00f3n psicol\u00f3gica avanzada en situaciones de emergencias. -An\u00e1lisis de un caso de asesinato por violencia de g\u00e9nero. Atenci\u00f3n a familiares \u201cin situ\u201d. ( Adelina Sastre Moya). 17 Mayo 2017.<br \/>\n-TLP (TRASTORN L\u00cdMIT DE LA PERSONALITAT). GUILLERMO LARRAZ GEIJO, psic\u00f2leg (B-01358), psic\u00f2leg cl\u00ednic i psicoterapeuta (ASEPCO\/FEAP). 22 Noviembre 2017<\/p>\n<p>&nbsp;<\/p>\n<p><span style=\"text-decoration: underline;\">Colaboraciones:<\/span><\/p>\n<p>&nbsp;<\/p>\n<p>Colaboradora en los talleres de Danza Integrada m\u00e9todo DanceAability en el SEPAP (Servicio de Promoci\u00f3n de la Autonom\u00eda Personal). Curso 2012\/2013 . Curso 2013\/2014<\/p>\n<p>&nbsp;<\/p>\n<p><span style=\"text-decoration: underline;\">Talleres que he impartido en Palma de Mallorca:gabinete psicologia<\/span><\/p>\n<p>&nbsp;<\/p>\n<p>-Ayuda en situaciones de emergencia. 2014<br \/>\n-Taller sobre relaciones t\u00f3xicas y dependencia emocional. 2014<br \/>\n-Taller sobre sue\u00f1os, descubriendo mi otro yo. 2014<br \/>\n-Adolescentes y la necesidad de romper l\u00edmites. (Taller en Palma de Mallorca e Ibiza) 2015<br \/>\n-Taller de conductas c\u00edclicas y guiones de vida 2015<br \/>\n-Taller de Autoestima. 2015<br \/>\n-Taller sobre la culpa. 2015<br \/>\n-Taller sobre problemas de pareja. 2015<br \/>\n-Taller de primeros auxilios en cat\u00e1strofes y emergencias. (Abril 2015)<br \/>\n-Taller de relaciones de pareja. (Mayo 2015)<br \/>\n-Taller Vivir sin Ansiedad ( Febrero a Junio 2015)<br \/>\n-Taller sobre violencia de g\u00e9nero:\u201dReconocer el Maltrato\u201d<br \/>\n-Taller sobre emociones: \u201cDel Rev\u00e9s, reconoce tus emociones.\u201d<br \/>\n-Mindfulness, pr\u00e1cticas para principiantes, sesiones semanales. (2015 \u2013 2016)<br \/>\n-Taller de Mindfulness y arteterapia en \u201cVoltio Eco-Festival\u201d 10 septiembre 2016<br \/>\n-Contigo Pan y Cebolla, taller sobre relaciones de pareja, Septiembre 2016<\/p>\n<p><span style=\"text-decoration: underline;\">Charlas y Coloquios realizados<\/span><\/p>\n<p>&nbsp;<\/p>\n<p>-Trampas en las Familias Reconstituidas , 26 de Mayo 2017 y 16 de Junio 2017.<br \/>\n-Familias Aglutinadas, familias desligadas, 17 Agosto 2017.<br \/>\n-Familias monoparentales funcionales, 27 de Septiembre 2017<br \/>\n-Familias Funcionales familias disfuncionales. 14 de Diciembre 2017.<br \/>\n-Qu\u00e9 nos dice el S\u00edntoma. 11 Enero del 2018 de 19 a 20.30 h.<br \/>\n\u201cM\u00e1s de los mismo\u201d, cuando la soluci\u00f3n es el problema. 15 de Febrero del 2018 de 19 a 20.30h.<\/p>\n<p>Idiomas usados en terapia.<br \/>\nCastellano, Catal\u00e1n y Mallorqu\u00edn.<\/p>\n<p>Psicolog\u00eda Viva<br \/>\nCentro de Psicoterapia en Palma de Mallorca<br \/>\nTu espacio de bienestar.<\/p>\n<p>Centro inscrito en el Registro General de Centros, Establecimientos y Servicios Sanitarios (REGCESS) autorizaci\u00f3n n\u00ba 4556<\/p>\n","protected":false},"excerpt":{"rendered":"<p>Aura Marqu\u00e9s Psic\u00f3loga General Sanitaria Colegiada B 02337 Ejerciendo en el Centro Sanitario \u201cPsicolog\u00eda Viva\u201d. Terapeuta emocional. Formada en Terapia Gestalt , T. Cognitivo-Conductual, Terapia Familiar Sist\u00e9mica y Terapia de [&hellip;]<\/p>\n","protected":false},"author":1,"featured_media":0,"parent":0,"menu_order":0,"comment_status":"closed","ping_status":"open","template":"page_fullwidth.php","meta":[],"_links":{"self":[{"href":"http:\/\/psicologiaviva.com\/auramarques.com\/wp-json\/wp\/v2\/pages\/2"}],"collection":[{"href":"http:\/\/psicologiaviva.com\/auramarques.com\/wp-json\/wp\/v2\/pages"}],"about":[{"href":"http:\/\/psicologiaviva.com\/auramarques.com\/wp-json\/wp\/v2\/types\/page"}],"author":[{"embeddable":true,"href":"http:\/\/psicologiaviva.com\/auramarques.com\/wp-json\/wp\/v2\/users\/1"}],"replies":[{"embeddable":true,"href":"http:\/\/psicologiaviva.com\/auramarques.com\/wp-json\/wp\/v2\/comments?post=2"}],"version-history":[{"count":5,"href":"http:\/\/psicologiaviva.com\/auramarques.com\/wp-json\/wp\/v2\/pages\/2\/revisions"}],"predecessor-version":[{"id":11,"href":"http:\/\/psicologiaviva.com\/auramarques.com\/wp-json\/wp\/v2\/pages\/2\/revisions\/11"}],"wp:attachment":[{"href":"http:\/\/psicologiaviva.com\/auramarques.com\/wp-json\/wp\/v2\/media?parent=2"}],"curies":[{"name":"wp","href":"https:\/\/api.w.org\/{rel}","templated":true}]}}